{"id":2519,"date":"2023-08-03T11:31:37","date_gmt":"2023-08-03T09:31:37","guid":{"rendered":"https:\/\/qt-warken.indermache.de\/zur-person\/"},"modified":"2026-08-21T10:25:35","modified_gmt":"2026-08-21T08:25:35","slug":"zur-person","status":"publish","type":"page","link":"https:\/\/www.heribert-warken.de\/pt-pt\/zur-person\/","title":{"rendered":"ZUR PERSON"},"content":{"rendered":"<div id='full_slider_1'  class='avia-fullwidth-slider main_color avia-shadow   avia-builder-el-0  el_before_av_textblock  avia-builder-el-first   container_wrap fullsize'  ><div  class='avia-slideshow av-lor3g3qv-31d882d909bff985fb1b74000a01d10b avia-slideshow-no scaling av_slideshow_full avia-slide-slider av-slideshow-ui av-control-default av-slideshow-manual av-loop-once av-loop-manual-endless av-default-height-applied   avia-slideshow-1' data-slideshow-options=\"{&quot;animation&quot;:&quot;slide&quot;,&quot;autoplay&quot;:false,&quot;loop_autoplay&quot;:&quot;once&quot;,&quot;interval&quot;:5,&quot;loop_manual&quot;:&quot;manual-endless&quot;,&quot;autoplay_stopper&quot;:false,&quot;noNavigation&quot;:false,&quot;bg_slider&quot;:false,&quot;keep_padding&quot;:false,&quot;hoverpause&quot;:false,&quot;show_slide_delay&quot;:0}\"  itemprop=\"image\" itemscope=\"itemscope\" itemtype=\"https:\/\/schema.org\/ImageObject\" ><ul class='avia-slideshow-inner ' style='padding-bottom: 32.5%;'><li  class='avia-slideshow-slide av-lor3g3qv-31d882d909bff985fb1b74000a01d10b__0  av-single-slide slide-1 slide-odd'><div data-rel='slideshow-1' class='avia-slide-wrap '   ><img decoding=\"async\" class=\"wp-image-2520 avia-img-lazy-loading-not-2520\"  src=\"https:\/\/www.heribert-warken.de\/wp-content\/uploads\/2023\/08\/Portrait_Dr.-Heribert-Warken_DSC01384.jpg\" width=\"2000\" height=\"650\" title='Portrait_Dr. Heribert Warken_DSC01384' alt=''  itemprop=\"thumbnailUrl\"  style='min-height:250px; min-width:770px; ' srcset=\"https:\/\/www.heribert-warken.de\/wp-content\/uploads\/2023\/08\/Portrait_Dr.-Heribert-Warken_DSC01384.jpg 2000w, https:\/\/www.heribert-warken.de\/wp-content\/uploads\/2023\/08\/Portrait_Dr.-Heribert-Warken_DSC01384-300x98.jpg 300w, https:\/\/www.heribert-warken.de\/wp-content\/uploads\/2023\/08\/Portrait_Dr.-Heribert-Warken_DSC01384-1030x335.jpg 1030w, https:\/\/www.heribert-warken.de\/wp-content\/uploads\/2023\/08\/Portrait_Dr.-Heribert-Warken_DSC01384-768x250.jpg 768w, https:\/\/www.heribert-warken.de\/wp-content\/uploads\/2023\/08\/Portrait_Dr.-Heribert-Warken_DSC01384-1536x499.jpg 1536w, https:\/\/www.heribert-warken.de\/wp-content\/uploads\/2023\/08\/Portrait_Dr.-Heribert-Warken_DSC01384-1500x488.jpg 1500w, https:\/\/www.heribert-warken.de\/wp-content\/uploads\/2023\/08\/Portrait_Dr.-Heribert-Warken_DSC01384-705x229.jpg 705w\" sizes=\"(max-width: 2000px) 100vw, 2000px\" \/><\/div><\/li><\/ul><\/div><\/div><div id='after_full_slider_1'  class='main_color av_default_container_wrap container_wrap fullsize'  ><div class='container av-section-cont-open' ><div class='template-page content  av-content-full alpha units'><div class='post-entry post-entry-type-page post-entry-2519'><div class='entry-content-wrapper clearfix'>\n\n<style type=\"text\/css\" data-created_by=\"avia_inline_auto\" id=\"style-css-av-1lnaj-9986ad89490cf05566395fefc2c2e6dd\">\n#top .av_textblock_section.av-1lnaj-9986ad89490cf05566395fefc2c2e6dd .avia_textblock{\ncolor:#a69f88;\n}\n<\/style>\n<section  class='av_textblock_section av-1lnaj-9986ad89490cf05566395fefc2c2e6dd '   itemscope=\"itemscope\" itemtype=\"https:\/\/schema.org\/CreativeWork\" ><div class='avia_textblock av_inherit_color'  itemprop=\"text\" ><h4 style=\"text-align: center;\">BERUFLICH<\/h4>\n<\/div><\/section>\n\n<style type=\"text\/css\" data-created_by=\"avia_inline_auto\" id=\"style-css-av-a5ytv-10d98e5ce25d7ef4e9bb1cf08cda3fb6\">\n#top .hr.hr-invisible.av-a5ytv-10d98e5ce25d7ef4e9bb1cf08cda3fb6{\nheight:30px;\n}\n<\/style>\n<div  class='hr av-a5ytv-10d98e5ce25d7ef4e9bb1cf08cda3fb6 hr-invisible  avia-builder-el-2  el_after_av_textblock  el_before_av_one_full '><span class='hr-inner '><span class=\"hr-inner-style\"><\/span><\/span><\/div>\n\n<style type=\"text\/css\" data-created_by=\"avia_inline_auto\" id=\"style-css-av-lldkfk9y-621005429e943ea7ac842a25b9fd50bd\">\n.flex_column.av-lldkfk9y-621005429e943ea7ac842a25b9fd50bd{\nwidth:100%;\npadding:0 0 0 0;\nbackground-color:#ffffff;\n}\n<\/style>\n<div  class='flex_column av-lldkfk9y-621005429e943ea7ac842a25b9fd50bd av_one_full  avia-builder-el-3  el_after_av_hr  el_before_av_section  avia-builder-el-last  first flex_column_div  '     ><style type=\"text\/css\" data-created_by=\"avia_inline_auto\" id=\"style-css-av-llc1ty4s-e871469349ac21ad98261d428aaa959b\">\n#top .av_textblock_section.av-llc1ty4s-e871469349ac21ad98261d428aaa959b .avia_textblock{\ncolor:#000000;\n}\n<\/style>\n<section  class='av_textblock_section av-llc1ty4s-e871469349ac21ad98261d428aaa959b '   itemscope=\"itemscope\" itemtype=\"https:\/\/schema.org\/CreativeWork\" ><div class='avia_textblock av_inherit_color'  itemprop=\"text\" ><h1 style=\"text-align: center;\">AUSBILUNG<\/h1>\n<p style=\"text-align: center;\">Lehre bei Sal. Oppenheim jr. &amp; Cie KGaA, K\u00f6ln | Abschluss: Bankkaufmann<\/p>\n<h1 style=\"text-align: center;\">STUDIUM<\/h1>\n<p style=\"text-align: center;\">Studium der Betriebswirtschaftslehre an der Universit\u00e4t zu K\u00f6ln | Abschluss: Diplom-Kaufmann<\/p>\n<h1 style=\"text-align: center;\">PROMOTION<\/h1>\n<p style=\"text-align: center;\">Promotion an der Universit\u00e4t zu K\u00f6ln | Abschluss: Dr. rer. pol.<\/p>\n<h1 style=\"text-align: center;\">BERUFSEXAMINA<\/h1>\n<p style=\"text-align: center;\">Ausbildung zum Steuerberater | Abschluss: Steuerberater<br \/>\nAusbildung zum Wirtschaftspr\u00fcfer | Abschluss: Wirtschaftspr\u00fcfer<\/p>\n<h1 style=\"text-align: center;\">FACHQUALIFIKATIONEN<\/h1>\n<p style=\"text-align: center;\">\u00d6ffentlich bestellter und vereidigter Sachverst\u00e4ndiger f\u00fcr Unternehmensbewertung bei der IHK K\u00f6ln<\/p>\n<h1 style=\"text-align: center;\">T\u00c4TIGKEITEN<\/h1>\n<p style=\"text-align: center;\">Pr\u00fcfungsassistent bei der BDO AG Wirtschaftspr\u00fcfungsgesellschaft, Bonn<br \/>\nPr\u00fcfungsassistent bei Dr. Holtmann, Klein und R\u00fctzel, K\u00f6ln<\/p>\n<h1 style=\"text-align: center;\">Seit 2001 in eigener Praxis bei der ACT Audit GmbH als gesch\u00e4ftsf\u00fchrender Gesellschafter<\/h1>\n<\/div><\/section><\/div>\n<\/div><\/div><\/div><!-- close content main div --><\/div><\/div>\n<style type=\"text\/css\" data-created_by=\"avia_inline_auto\" id=\"style-css-av-lldgewmu-85a263e4182a6561f6f8e713c815cb02\">\n.avia-section.av-lldgewmu-85a263e4182a6561f6f8e713c815cb02{\nbackground-color:#a69f88;\nbackground-image:unset;\n}\n<\/style>\n<div id='av_section_1'  class='avia-section av-lldgewmu-85a263e4182a6561f6f8e713c815cb02 main_color avia-section-large avia-no-border-styling  avia-builder-el-5  el_after_av_one_full  el_before_av_section  avia-bg-style-scroll container_wrap fullsize'  ><div class='container av-section-cont-open' ><div class='template-page content  av-content-full alpha units'><div class='post-entry post-entry-type-page post-entry-2519'><div class='entry-content-wrapper clearfix'>\n\n<style type=\"text\/css\" data-created_by=\"avia_inline_auto\" id=\"style-css-av-llc20slq-e5a6f8a9211f644121132f749ef83933\">\n#top .av_textblock_section.av-llc20slq-e5a6f8a9211f644121132f749ef83933 .avia_textblock{\ncolor:#7c2529;\n}\n<\/style>\n<section  class='av_textblock_section av-llc20slq-e5a6f8a9211f644121132f749ef83933 '   itemscope=\"itemscope\" itemtype=\"https:\/\/schema.org\/CreativeWork\" ><div class='avia_textblock av_inherit_color'  itemprop=\"text\" ><h3 style=\"text-align: center;\">SCHWERPUNKTT\u00c4TIGKEITEN<\/h3>\n<\/div><\/section>\n\n<style type=\"text\/css\" data-created_by=\"avia_inline_auto\" id=\"style-css-av-lldk6pi4-6e3e8c12f3bb240dcfecac5a79684041\">\n.flex_column.av-lldk6pi4-6e3e8c12f3bb240dcfecac5a79684041{\nwidth:47.5%;\n}\n<\/style>\n<div  class='flex_column av-lldk6pi4-6e3e8c12f3bb240dcfecac5a79684041 av_one_half  avia-builder-el-7  el_after_av_textblock  el_before_av_one_half  first flex_column_div  column-top-margin'     ><style type=\"text\/css\" data-created_by=\"avia_inline_auto\" id=\"style-css-av-lldk5ire-20bb81ceee4853afb6fecb92ff712571\">\n#top .av_textblock_section.av-lldk5ire-20bb81ceee4853afb6fecb92ff712571 .avia_textblock{\ncolor:#ffffff;\n}\n<\/style>\n<section  class='av_textblock_section av-lldk5ire-20bb81ceee4853afb6fecb92ff712571 '   itemscope=\"itemscope\" itemtype=\"https:\/\/schema.org\/CreativeWork\" ><div class='avia_textblock av_inherit_color'  itemprop=\"text\" ><p>Seit \u00fcber 20 Jahren bin ich als Wirtschaftspr\u00fcfer, Steuerberater deutschlandweit und manchmal auch international t\u00e4tig. Hierbei ist gerade das eigent\u00fcmergef\u00fchrte mittelst\u00e4ndische Unternehmen mit seinem vielf\u00e4ltigen Aufgabenspektrum mein Hauptkunde. Hier bin ich f\u00fcr die Eigent\u00fcmer h\u00e4ufig der Sparrings-Partner, um anstehende gesch\u00e4ftliche Herausforderungen zu diskutieren.  <\/p>\n<p>Somit ist das mittelst\u00e4ndische Beratungsgesch\u00e4ft, welches mittlerweile auch immer internationaler wird, der Schwerpunkt meiner beruflichen T\u00e4tigkeit. Neben den klassischen Themen der Pr\u00fcfung von Unternehmen wurde gerade in den letzten Jahren dieser Schwerpunkt in Richtung Unternehmensnachfolge und den damit einhergehenden Themen wie steuerliche Umstrukturierung, Unternehmensbewertung und Unternehmensverkauf gelenkt.<\/p>\n<\/div><\/section><\/div>\n<style type=\"text\/css\" data-created_by=\"avia_inline_auto\" id=\"style-css-av-e49ij-9a027c896891612b0f94efc2b4d32896\">\n.flex_column.av-e49ij-9a027c896891612b0f94efc2b4d32896{\nwidth:47.5%;\nmargin-left:5%;\n}\n<\/style>\n<div  class='flex_column av-e49ij-9a027c896891612b0f94efc2b4d32896 av_one_half  avia-builder-el-9  el_after_av_one_half  avia-builder-el-last  flex_column_div  column-top-margin'     ><style type=\"text\/css\" data-created_by=\"avia_inline_auto\" id=\"style-css-av-lldk5yj1-75ba665ad12b06692fa8327483e4482f\">\n#top .av_textblock_section.av-lldk5yj1-75ba665ad12b06692fa8327483e4482f .avia_textblock{\ncolor:#ffffff;\n}\n<\/style>\n<section  class='av_textblock_section av-lldk5yj1-75ba665ad12b06692fa8327483e4482f '   itemscope=\"itemscope\" itemtype=\"https:\/\/schema.org\/CreativeWork\" ><div class='avia_textblock av_inherit_color'  itemprop=\"text\" ><p>Seit August 2022 bin ich nunmehr auch \u00f6ffentlich bestellter und vereidigter Sachverst\u00e4ndiger f\u00fcr Unternehmensbewertung. Hierdurch k\u00f6nnen von mir bei gesellschaftsrechtlichen Anl\u00e4ssen (z. B. Ausscheiden aus der Gesellschaft, Verkauf, Streitigkeiten \u00fcber den Unternehmenswert im Gesellschafterkreis) oder auch bei familienrechtlichen Anl\u00e4ssen (z. B. Scheidung) qualifizierte Unternehmensbewertungsgutachten deutschlandweit erstellt werden.<\/p>\n<\/div><\/section><\/div>\n\n<\/div><\/div><\/div><!-- close content main div --><\/div><\/div>\n<style type=\"text\/css\" data-created_by=\"avia_inline_auto\" id=\"style-css-av-lldgav9q-d502988a5aa80bab8c649983ee72797d\">\n.avia-section.av-lldgav9q-d502988a5aa80bab8c649983ee72797d{\nbackground-color:#ffffff;\nbackground-image:unset;\n}\n<\/style>\n<div id='av_section_2'  class='avia-section av-lldgav9q-d502988a5aa80bab8c649983ee72797d main_color avia-section-large avia-no-border-styling  avia-builder-el-11  el_after_av_section  el_before_av_section  avia-bg-style-scroll container_wrap fullsize'  ><div class='container av-section-cont-open' ><div class='template-page content  av-content-full alpha units'><div class='post-entry post-entry-type-page post-entry-2519'><div class='entry-content-wrapper clearfix'>\n\n<style type=\"text\/css\" data-created_by=\"avia_inline_auto\" id=\"style-css-av-llc24s5b-12bd6df332002d4b66f7b5e42a89f5fe\">\n#top .av_textblock_section.av-llc24s5b-12bd6df332002d4b66f7b5e42a89f5fe .avia_textblock{\ncolor:#7c2529;\n}\n<\/style>\n<section  class='av_textblock_section av-llc24s5b-12bd6df332002d4b66f7b5e42a89f5fe '   itemscope=\"itemscope\" itemtype=\"https:\/\/schema.org\/CreativeWork\" ><div class='avia_textblock av_inherit_color'  itemprop=\"text\" ><h4 style=\"text-align: center;\">IM WESENTLICHEN BERATE ICH ZU FOLGENDEN THEMEN<\/h4>\n<\/div><\/section>\n\n<style type=\"text\/css\" data-created_by=\"avia_inline_auto\" id=\"style-css-av-6vgmj-87e748a8b4cf0628cc3614c6c5b6c046\">\n.flex_column.av-6vgmj-87e748a8b4cf0628cc3614c6c5b6c046{\nwidth:100%;\nbackground-color:#ffffff;\n}\n<\/style>\n<div  class='flex_column av-6vgmj-87e748a8b4cf0628cc3614c6c5b6c046 av_one_full  avia-builder-el-13  el_after_av_textblock  avia-builder-el-last  first flex_column_div  column-top-margin'     ><style type=\"text\/css\" data-created_by=\"avia_inline_auto\" id=\"style-css-av-llc25pvq-f0219ea1896084d31f49a8f7ac9b17a0\">\n#top .av_textblock_section.av-llc25pvq-f0219ea1896084d31f49a8f7ac9b17a0 .avia_textblock{\ncolor:#000000;\n}\n<\/style>\n<section  class='av_textblock_section av-llc25pvq-f0219ea1896084d31f49a8f7ac9b17a0 '   itemscope=\"itemscope\" itemtype=\"https:\/\/schema.org\/CreativeWork\" ><div class='avia_textblock av_inherit_color'  itemprop=\"text\" ><p style=\"text-align: center;\">Unternehmensbewertung<\/p>\n<p style=\"text-align: center;\">Steuerliche Nachfolgeberatung<\/p>\n<p style=\"text-align: center;\">Transaktionsberatung<\/p>\n<p style=\"text-align: center;\">Steuerliche Umstrukturierung von Unternehmen<\/p>\n<p style=\"text-align: center;\">Unternehmensverkauf<\/p>\n<p style=\"text-align: center;\">Unternehmenskauf<\/p>\n<p style=\"text-align: center;\">Due Diligence Pr\u00fcfungen<\/p>\n<p style=\"text-align: center;\">Fachliches und pers\u00f6nliches Family Coaching im Zusammenhang mit Nachfolge\u00fcberlegungen<\/p>\n<p style=\"text-align: center;\">Beratung internationales Steuerrecht<\/p>\n<p style=\"text-align: center;\">Freiwillige und gesetzliche Jahresabschlusspr\u00fcfungen<\/p>\n<\/div><\/section><\/div>\n\n<\/div><\/div><\/div><!-- close content main div --><\/div><\/div>\n<style type=\"text\/css\" data-created_by=\"avia_inline_auto\" id=\"style-css-av-lldgnx3f-baebca4ef43eec6118c16fb8575cd731\">\n.avia-section.av-lldgnx3f-baebca4ef43eec6118c16fb8575cd731{\nbackground-color:#7c2529;\nbackground-image:unset;\n}\n<\/style>\n<div id='av_section_3'  class='avia-section av-lldgnx3f-baebca4ef43eec6118c16fb8575cd731 main_color avia-section-large avia-no-border-styling  avia-builder-el-15  el_after_av_section  avia-builder-el-last  avia-bg-style-scroll container_wrap fullsize'  ><div class='container av-section-cont-open' ><div class='template-page content  av-content-full alpha units'><div class='post-entry post-entry-type-page post-entry-2519'><div class='entry-content-wrapper clearfix'>\n\n<style type=\"text\/css\" data-created_by=\"avia_inline_auto\" id=\"style-css-av-llc26ajg-b4cf92a253c7320728dcfc5392678cf4\">\n#top .av_textblock_section.av-llc26ajg-b4cf92a253c7320728dcfc5392678cf4 .avia_textblock{\ncolor:#a69f88;\n}\n<\/style>\n<section  class='av_textblock_section av-llc26ajg-b4cf92a253c7320728dcfc5392678cf4 '   itemscope=\"itemscope\" itemtype=\"https:\/\/schema.org\/CreativeWork\" ><div class='avia_textblock av_inherit_color'  itemprop=\"text\" ><h4 style=\"text-align: center;\">PRIVAT<\/h4>\n<\/div><\/section>\n\n<style type=\"text\/css\" data-created_by=\"avia_inline_auto\" id=\"style-css-av-llxtmihs-386f514606b839a29fe6652776b41ac6\">\n.flex_column.av-llxtmihs-386f514606b839a29fe6652776b41ac6{\nwidth:100%;\nbackground-color:#7c2529;\n}\n<\/style>\n<div  class='flex_column av-llxtmihs-386f514606b839a29fe6652776b41ac6 av_one_full  avia-builder-el-17  el_after_av_textblock  avia-builder-el-last  first flex_column_div  column-top-margin'     ><style type=\"text\/css\" data-created_by=\"avia_inline_auto\" id=\"style-css-av-llc26onw-2f0ce544a1ee0b3688d6a6bb0abbe1ab\">\n#top .av_textblock_section.av-llc26onw-2f0ce544a1ee0b3688d6a6bb0abbe1ab .avia_textblock{\ncolor:#ffffff;\n}\n<\/style>\n<section  class='av_textblock_section av-llc26onw-2f0ce544a1ee0b3688d6a6bb0abbe1ab '   itemscope=\"itemscope\" itemtype=\"https:\/\/schema.org\/CreativeWork\" ><div class='avia_textblock av_inherit_color'  itemprop=\"text\" ><p style=\"text-align: center;\">Meine Hobbies sind Triathlon, Fotografie und Musik<\/p>\n<p style=\"text-align: center;\">\n<\/div><\/section><\/div>\n\n","protected":false},"excerpt":{"rendered":"","protected":false},"author":1,"featured_media":0,"parent":0,"menu_order":0,"comment_status":"closed","ping_status":"closed","template":"","meta":{"footnotes":""},"class_list":["post-2519","page","type-page","status-publish","hentry"],"yoast_head":"<!-- This site is optimized with the Yoast SEO plugin v28.4 - https:\/\/yoast.com\/product\/yoast-seo-wordpress\/ -->\n<title>ZUR PERSON - heribert-warken<\/title>\n<meta name=\"robots\" content=\"index, follow, max-snippet:-1, max-image-preview:large, max-video-preview:-1\" \/>\n<link rel=\"canonical\" href=\"https:\/\/www.heribert-warken.de\/pt-pt\/zur-person\/\" \/>\n<meta property=\"og:locale\" content=\"pt_PT\" \/>\n<meta property=\"og:type\" content=\"article\" \/>\n<meta property=\"og:title\" content=\"ZUR PERSON - heribert-warken\" \/>\n<meta property=\"og:url\" content=\"https:\/\/www.heribert-warken.de\/pt-pt\/zur-person\/\" \/>\n<meta property=\"og:site_name\" content=\"heribert-warken\" \/>\n<meta property=\"article:modified_time\" content=\"2026-08-21T08:25:35+00:00\" \/>\n<meta name=\"twitter:card\" content=\"summary_large_image\" \/>\n<meta name=\"twitter:label1\" content=\"Tempo estimado de leitura\" \/>\n\t<meta name=\"twitter:data1\" content=\"24 minutos\" \/>\n<script type=\"application\/ld+json\" class=\"yoast-schema-graph\">{\"@context\":\"https:\\\/\\\/schema.org\",\"@graph\":[{\"@type\":\"WebPage\",\"@id\":\"https:\\\/\\\/www.heribert-warken.de\\\/pt-pt\\\/zur-person\\\/\",\"url\":\"https:\\\/\\\/www.heribert-warken.de\\\/pt-pt\\\/zur-person\\\/\",\"name\":\"ZUR PERSON - heribert-warken\",\"isPartOf\":{\"@id\":\"https:\\\/\\\/www.heribert-warken.de\\\/pt-pt\\\/#website\"},\"datePublished\":\"2023-08-03T09:31:37+00:00\",\"dateModified\":\"2026-08-21T08:25:35+00:00\",\"breadcrumb\":{\"@id\":\"https:\\\/\\\/www.heribert-warken.de\\\/pt-pt\\\/zur-person\\\/#breadcrumb\"},\"inLanguage\":\"pt-PT\",\"potentialAction\":[{\"@type\":\"ReadAction\",\"target\":[\"https:\\\/\\\/www.heribert-warken.de\\\/pt-pt\\\/zur-person\\\/\"]}]},{\"@type\":\"BreadcrumbList\",\"@id\":\"https:\\\/\\\/www.heribert-warken.de\\\/pt-pt\\\/zur-person\\\/#breadcrumb\",\"itemListElement\":[{\"@type\":\"ListItem\",\"position\":1,\"name\":\"Startseite\",\"item\":\"https:\\\/\\\/www.heribert-warken.de\\\/pt-pt\\\/\"},{\"@type\":\"ListItem\",\"position\":2,\"name\":\"ZUR PERSON\"}]},{\"@type\":\"WebSite\",\"@id\":\"https:\\\/\\\/www.heribert-warken.de\\\/pt-pt\\\/#website\",\"url\":\"https:\\\/\\\/www.heribert-warken.de\\\/pt-pt\\\/\",\"name\":\"heribert-warken\",\"description\":\"\",\"potentialAction\":[{\"@type\":\"SearchAction\",\"target\":{\"@type\":\"EntryPoint\",\"urlTemplate\":\"https:\\\/\\\/www.heribert-warken.de\\\/pt-pt\\\/?s={search_term_string}\"},\"query-input\":{\"@type\":\"PropertyValueSpecification\",\"valueRequired\":true,\"valueName\":\"search_term_string\"}}],\"inLanguage\":\"pt-PT\"}]}<\/script>\n<!-- \/ Yoast SEO plugin. -->","yoast_head_json":{"title":"ZUR PERSON - heribert-warken","robots":{"index":"index","follow":"follow","max-snippet":"max-snippet:-1","max-image-preview":"max-image-preview:large","max-video-preview":"max-video-preview:-1"},"canonical":"https:\/\/www.heribert-warken.de\/pt-pt\/zur-person\/","og_locale":"pt_PT","og_type":"article","og_title":"ZUR PERSON - heribert-warken","og_url":"https:\/\/www.heribert-warken.de\/pt-pt\/zur-person\/","og_site_name":"heribert-warken","article_modified_time":"2026-08-21T08:25:35+00:00","twitter_card":"summary_large_image","twitter_misc":{"Tempo estimado de leitura":"24 minutos"},"schema":{"@context":"https:\/\/schema.org","@graph":[{"@type":"WebPage","@id":"https:\/\/www.heribert-warken.de\/pt-pt\/zur-person\/","url":"https:\/\/www.heribert-warken.de\/pt-pt\/zur-person\/","name":"ZUR PERSON - heribert-warken","isPartOf":{"@id":"https:\/\/www.heribert-warken.de\/pt-pt\/#website"},"datePublished":"2023-08-03T09:31:37+00:00","dateModified":"2026-08-21T08:25:35+00:00","breadcrumb":{"@id":"https:\/\/www.heribert-warken.de\/pt-pt\/zur-person\/#breadcrumb"},"inLanguage":"pt-PT","potentialAction":[{"@type":"ReadAction","target":["https:\/\/www.heribert-warken.de\/pt-pt\/zur-person\/"]}]},{"@type":"BreadcrumbList","@id":"https:\/\/www.heribert-warken.de\/pt-pt\/zur-person\/#breadcrumb","itemListElement":[{"@type":"ListItem","position":1,"name":"Startseite","item":"https:\/\/www.heribert-warken.de\/pt-pt\/"},{"@type":"ListItem","position":2,"name":"ZUR PERSON"}]},{"@type":"WebSite","@id":"https:\/\/www.heribert-warken.de\/pt-pt\/#website","url":"https:\/\/www.heribert-warken.de\/pt-pt\/","name":"heribert-warken","description":"","potentialAction":[{"@type":"SearchAction","target":{"@type":"EntryPoint","urlTemplate":"https:\/\/www.heribert-warken.de\/pt-pt\/?s={search_term_string}"},"query-input":{"@type":"PropertyValueSpecification","valueRequired":true,"valueName":"search_term_string"}}],"inLanguage":"pt-PT"}]}},"_links":{"self":[{"href":"https:\/\/www.heribert-warken.de\/pt-pt\/wp-json\/wp\/v2\/pages\/2519","targetHints":{"allow":["GET"]}}],"collection":[{"href":"https:\/\/www.heribert-warken.de\/pt-pt\/wp-json\/wp\/v2\/pages"}],"about":[{"href":"https:\/\/www.heribert-warken.de\/pt-pt\/wp-json\/wp\/v2\/types\/page"}],"author":[{"embeddable":true,"href":"https:\/\/www.heribert-warken.de\/pt-pt\/wp-json\/wp\/v2\/users\/1"}],"replies":[{"embeddable":true,"href":"https:\/\/www.heribert-warken.de\/pt-pt\/wp-json\/wp\/v2\/comments?post=2519"}],"version-history":[{"count":1,"href":"https:\/\/www.heribert-warken.de\/pt-pt\/wp-json\/wp\/v2\/pages\/2519\/revisions"}],"predecessor-version":[{"id":2521,"href":"https:\/\/www.heribert-warken.de\/pt-pt\/wp-json\/wp\/v2\/pages\/2519\/revisions\/2521"}],"wp:attachment":[{"href":"https:\/\/www.heribert-warken.de\/pt-pt\/wp-json\/wp\/v2\/media?parent=2519"}],"curies":[{"name":"wp","href":"https:\/\/api.w.org\/{rel}","templated":true}]}}